{"id":648,"date":"2023-11-27T11:15:42","date_gmt":"2023-11-27T10:15:42","guid":{"rendered":"https:\/\/essen-strafverteidigung.de\/intrebari-frecvente\/"},"modified":"2024-01-23T11:55:33","modified_gmt":"2024-01-23T10:55:33","slug":"intrebari-frecvente","status":"publish","type":"page","link":"https:\/\/essen-strafverteidigung.de\/ro\/intrebari-frecvente\/","title":{"rendered":"\u00ceNTREB\u0102RI FRECVENTE"},"content":{"rendered":"<p>[et_pb_section fb_built=&#8221;1&#8243; custom_padding_last_edited=&#8221;on|phone&#8221; _builder_version=&#8221;4.23.1&#8243; _module_preset=&#8221;default&#8221; background_color=&#8221;#E1DFD8&#8243; custom_padding=&#8221;200px||||false|false&#8221; custom_padding_tablet=&#8221;200px||||false|false&#8221; custom_padding_phone=&#8221;80px||||false|false&#8221; global_colors_info=&#8221;{}&#8221;][et_pb_row column_structure=&#8221;1_2,1_2&#8243; make_equal=&#8221;on&#8221; module_class=&#8221;vertikales-zentrieren&#8221; _builder_version=&#8221;4.23.1&#8243; _module_preset=&#8221;default&#8221; custom_margin=&#8221;||50px||false|false&#8221; custom_margin_tablet=&#8221;||50px||false|false&#8221; custom_margin_phone=&#8221;||0px||false|false&#8221; custom_margin_last_edited=&#8221;on|phone&#8221; hover_enabled=&#8221;0&#8243; locked=&#8221;off&#8221; global_colors_info=&#8221;{}&#8221; sticky_enabled=&#8221;0&#8243;][et_pb_column type=&#8221;1_2&#8243; _builder_version=&#8221;4.23.1&#8243; _module_preset=&#8221;default&#8221; global_colors_info=&#8221;{}&#8221;][et_pb_text _builder_version=&#8221;4.23.1&#8243; _module_preset=&#8221;default&#8221; text_font=&#8221;|700|||||||&#8221; text_text_color=&#8221;#f1f1f1&#8243; text_font_size=&#8221;50px&#8221; text_line_height=&#8221;64px&#8221; header_font=&#8221;|700|||||||&#8221; header_text_color=&#8221;#323F50&#8243; header_font_size=&#8221;60px&#8221; hover_enabled=&#8221;0&#8243; header_font_size_tablet=&#8221;60px&#8221; header_font_size_phone=&#8221;26px&#8221; header_font_size_last_edited=&#8221;on|phone&#8221; locked=&#8221;off&#8221; global_colors_info=&#8221;{}&#8221; sticky_enabled=&#8221;0&#8243; module_id=&#8221;FAQ \/ N\u00fctzliches&#8221;]<\/p>\n<h1>\u00centreb\u0103ri frecvente \/ Informa\u021bii utile<\/h1>\n<p>[\/et_pb_text][et_pb_text _builder_version=&#8221;4.23.1&#8243; _module_preset=&#8221;default&#8221; header_2_font=&#8221;||||||||&#8221; header_2_text_color=&#8221;#323f50&#8243; header_2_font_size=&#8221;40px&#8221; header_2_line_height=&#8221;1.4em&#8221; custom_margin_tablet=&#8221;&#8221; custom_margin_phone=&#8221;||20px||false|false&#8221; custom_margin_last_edited=&#8221;on|phone&#8221; header_font_size_tablet=&#8221;&#8221; header_font_size_phone=&#8221;22px&#8221; header_font_size_last_edited=&#8221;on|phone&#8221; header_2_font_size_tablet=&#8221;40px&#8221; header_2_font_size_phone=&#8221;22px&#8221; header_2_font_size_last_edited=&#8221;on|phone&#8221; locked=&#8221;off&#8221; global_colors_info=&#8221;{}&#8221;]<\/p>\n<h2>R\u0103spunsuri la \u00eentreb\u0103ri frecvente despre dreptul penal<\/h2>\n<p>[\/et_pb_text][\/et_pb_column][et_pb_column type=&#8221;1_2&#8243; _builder_version=&#8221;4.23.1&#8243; _module_preset=&#8221;default&#8221; global_colors_info=&#8221;{}&#8221;][et_pb_image src=&#8221;https:\/\/essen-strafverteidigung.de\/wp-content\/uploads\/2023\/11\/rabp_faq-1.jpg&#8221; title_text=&#8221;rabp_faq&#8221; force_fullwidth=&#8221;on&#8221; _builder_version=&#8221;4.23.1&#8243; _module_preset=&#8221;default&#8221; global_colors_info=&#8221;{}&#8221;][\/et_pb_image][\/et_pb_column][\/et_pb_row][\/et_pb_section][et_pb_section fb_built=&#8221;1&#8243; _builder_version=&#8221;4.23.1&#8243; _module_preset=&#8221;default&#8221; background_color=&#8221;#E1DFD8&#8243; custom_padding=&#8221;0px||||false|false&#8221; global_colors_info=&#8221;{}&#8221;][et_pb_row _builder_version=&#8221;4.23.1&#8243; _module_preset=&#8221;default&#8221; max_width=&#8221;1080px&#8221; global_colors_info=&#8221;{}&#8221;][et_pb_column type=&#8221;4_4&#8243; _builder_version=&#8221;4.23.1&#8243; _module_preset=&#8221;default&#8221; global_colors_info=&#8221;{}&#8221;][dsm_faq dsm_open_bg_color=&#8221;#F1F1F1&#8243; dsm_open_toggle_padding=&#8221;||||false|false&#8221; dsm_close_bg_color=&#8221;#F1F1F1&#8243; dsm_open_font_icon=&#8221;&#x21;||divi||400&#8243; dsm_close_font_icon=&#8221;&#x22;||divi||400&#8243; dsm_icon_placement=&#8221;right&#8221; dsm_content_padding=&#8221;50px||||false|false&#8221; _builder_version=&#8221;4.23.1&#8243; _module_preset=&#8221;default&#8221; header_level=&#8221;h3&#8243; header_font=&#8221;|700|||||||&#8221; header_text_color=&#8221;#323F50&#8243; header_font_size=&#8221;18px&#8221; header_line_height=&#8221;1.4em&#8221; content_text_color=&#8221;#323F50&#8243; content_font_size=&#8221;16px&#8221; content_line_height=&#8221;1.4em&#8221; header_font_size_tablet=&#8221;18px&#8221; header_font_size_phone=&#8221;19px&#8221; header_font_size_last_edited=&#8221;on|phone&#8221; closed_header_font_size_tablet=&#8221;&#8221; closed_header_font_size_phone=&#8221;18px&#8221; closed_header_font_size_last_edited=&#8221;on|phone&#8221; custom_css_main_element=&#8221;font-weight: 400;&#8221; border_color_all_dsm_toggle_open_border=&#8221;#F1F1F1&#8243; border_color_all_dsm_toggle_closed_border=&#8221;#F1F1F1&#8243; global_colors_info=&#8221;{}&#8221;][dsm_faq_child dsm_title=&#8221;Am nevoie de fapt de un avocat al ap\u0103r\u0103rii?&#8221; dsm_content=&#8221;<\/p>\n<p>Categoric: Da!<\/p>\n<p>\u00cen calitate de inculpat, trebuie s\u0103 ave\u021bi de-a face cu poli\u021bi\u0219ti, procurori \u0219i judec\u0103tori care sunt implica\u021bi de ani de zile \u00een proceduri penale. C\u00e2nd e vorba de banii t\u0103i sau de libertatea ta, nu ai lua un juc\u0103tor experimentat pe teren \u00een loc s\u0103 pierzi aproape sigur singur?<\/p>\n<p>Acest lucru este valabil \u0219i \u00een cazul \u00een care a\u021bi comis infrac\u021biunile \u0219i dori\u021bi s\u0103 face\u021bi o m\u0103rturisire. Un avocat de ap\u0103rare \u00een materie penal\u0103 poate verifica mai \u00eent\u00e2i faptele cauzei; exist\u0103 eventual motive de justificare sau exist\u0103 alte abord\u0103ri de ap\u0103rare? De asemenea, nu ar trebui s\u0103 ignora\u021bi dezvoltarea unor factori atenuan\u021bi pentru a v\u0103 reduce sentin\u021ba.<\/p>\n<p>Iar fraza preferat\u0103 a judec\u0103torului penal pentru acuzatul care neag\u0103 este de obicei: %22Pute\u021bi spune tot ce vre\u021bi, dar nu trebuie s\u0103 credem tot ce spune\u021bi%22.<\/p>\n<p>Vre\u021bi s\u0103 sta\u021bi singur \u00een sala de judecat\u0103 \u00een aceast\u0103 atmosfer\u0103?<\/p>\n<p>V\u0103 da\u021bi seama c\u0103 <strong>nu trebuie s\u0103 v\u0103 ap\u0103ra\u021bi niciodat\u0103!<\/strong><\/p>\n<p>&#8221; _builder_version=&#8221;4.23.1&#8243; _module_preset=&#8221;default&#8221; header_item_level=&#8221;h3&#8243; header_item_font_size=&#8221;18px&#8221; content_text_color=&#8221;#323F50&#8243; custom_margin=&#8221;||20px||false|false&#8221; global_colors_info=&#8221;{}&#8221; parentOrderClass=&#8221;dsm_faq_0&#8243;][\/dsm_faq_child][dsm_faq_child dsm_title=&#8221;Cum g\u0103sesc un bun avocat de ap\u0103rare penal\u0103?&#8221; dsm_content=&#8221;<\/p>\n<p>La figurat: %22Prin faptul c\u0103 nu-\u021bi repar\u0103 pantofii rup\u021bi la brut\u0103rie%22<\/p>\n<p>A\u0219adar, \u00een primul r\u00e2nd, c\u0103uta\u021bi un avocat specializat \u00een drept penal. Cei mai mul\u021bi dintre ace\u0219tia sunt avoca\u021bi specializa\u021bi \u00een drept penal. Dar la ce v\u0103 folose\u0219te dac\u0103 acest specialist este, de asemenea, un specialist \u00een dreptul locativ, dreptul muncii, dreptul familiei \u0219i dreptul social?<\/p>\n<p>Chiar \u0219i dup\u0103 aproape 25 de ani \u00een care am lucrat exclusiv ca avocat de ap\u0103rare \u00een materie penal\u0103, nu a\u0219 putea spune c\u0103 am terminat de \u00eenv\u0103\u021bat. De aceea spun: nu po\u021bi face at\u00e2t de multe lucruri %22bine%22. De aceea, nu te duci la avocatul care \u021bi-a rezolvat recent divor\u021bul at\u00e2t de frumos cu un caz penal. P\u00e2n\u0103 la urm\u0103, este \u00een joc libertatea dumneavoastr\u0103 \u0219i, \u00een cazul unei amenzi, uneori sume considerabile de bani.<\/p>\n<p>Dac\u0103 sunte\u021bi \u00eenc\u0103 \u00een c\u0103utarea unui bun avocat de ap\u0103rare penal\u0103, suna\u021bi-m\u0103. Contact direct Marele meu avantaj este disponibilitatea mea. La ce v\u0103 folose\u0219te dac\u0103 vorbi\u021bi doar cu parajuristul bunului avocat al ap\u0103r\u0103rii timp de 14 zile, dar nu ob\u021bine\u021bi o programare? Procedurile penale \u00een curs de desf\u0103\u0219urare pot fi extrem de stresante, iar clientul neexperimentat are de obicei multe \u00eentreb\u0103ri. Acestea trebuie s\u0103 primeasc\u0103 r\u0103spuns!<\/p>\n<p>&#8221; _builder_version=&#8221;4.23.1&#8243; _module_preset=&#8221;default&#8221; header_item_level=&#8221;h3&#8243; header_item_font_size=&#8221;18px&#8221; content_text_color=&#8221;#323F50&#8243; custom_margin=&#8221;||20px||false|false&#8221; global_colors_info=&#8221;{}&#8221; parentOrderClass=&#8221;dsm_faq_0&#8243;][\/dsm_faq_child][dsm_faq_child dsm_title=&#8221;Avocatul ap\u0103r\u0103rii trebuie s\u0103 argumenteze \u00eentotdeauna? (&#8230;pentru a fi un bun avocat&#8230;)&#8221; dsm_content=&#8221;%22\u00cenving\u0103torul va fi cel care va \u0219ti c\u00e2nd s\u0103 lupte \u0219i c\u00e2nd nu%22. &#8211; Sunzi<\/p>\n<p>Acesta este motivul pentru care obiec\u021bia des auzit\u0103 potrivit c\u0103reia avocatul care tace la audierea principal\u0103 nu este bun nu este \u00eentotdeauna corect\u0103. Dac\u0103 &#8211; \u0219i clien\u021bii mei sunt &#8211; clientul este informat \u00een prealabil, \u0219tie c\u0103 un bun avocat al ap\u0103r\u0103rii va interveni doar dac\u0103 lucrurile merg prost pentru el. Dac\u0103 sunt calm \u00een timpul unei negocieri, arat\u0103 bine.<\/p>\n<p>Abilitate strategic\u0103 \u0219i o viziune de ansamblu &#8211; g\u00e2ndirea \u00een afara cutiei \u0219i anticiparea pa\u0219ilor de r\u0103spuns ai sistemului judiciar &#8211; aceasta este munca unui bun avocat de ap\u0103rare penal\u0103! Ca un bun juc\u0103tor de \u0219ah. Dar tocmai de aceea anii de experien\u021b\u0103 sunt at\u00e2t de importan\u021bi.<\/p>\n<p>Aplicarea normelor juridice reprezint\u0103 doar o mic\u0103 parte a activit\u0103\u021bii.<\/p>\n<p>Cu ani \u00een urm\u0103, am ap\u0103rat un sp\u0103rg\u0103tor de b\u0103nci recidivist (clientul a decedat \u00eentre timp; judec\u0103torii nu mai sunt \u00een func\u021bie). El a fost arestat \u00een flagrant. Dup\u0103 c\u00e2teva luni de arest preventiv, a fost programat procesul principal. Instan\u021ba nu a comandat o expertiz\u0103 &#8211; \u00een ciuda faptului c\u0103 erau \u00eendeplinite condi\u021biile pentru deten\u021bia preventiv\u0103.<\/p>\n<p>Ca o explica\u021bie: atunci c\u00e2nd se dispune deten\u021bia preventiv\u0103, infractorul este condamnat la deten\u021bie pe termen nelimitat dup\u0103 executarea efectiv\u0103 a pedepsei, exclusiv pe baza periculozit\u0103\u021bii sale. Acesta este reglementat de lege \u00een \u00a7\u00a7 66 \u0219i urm\u0103toarele din Codul penal german.<\/p>\n<p>Prin urmare, a fost clar c\u0103 vom trece prin audierea principal\u0103 \u00een lini\u0219te \u0219i rapid. Martorii nu au fost chema\u021bi la ini\u021biativa mea, clientul a recunoscut \u00een totalitate acuza\u021bia ca fiind corect\u0103. Nu am spus dec\u00e2t o singur\u0103 fraz\u0103 p\u00e2n\u0103 cu un minut \u00eenainte de \u00eencheierea audierii probelor: i-am urat %22bun\u0103 diminea\u021ba%22.<\/p>\n<p>Apoi, &#8230; judec\u0103torul a ar\u0103tat c\u0103 erau \u00eendeplinite condi\u021biile pentru deten\u021bia preventiv\u0103!<\/p>\n<p>Cred c\u0103 judec\u0103torul care a prezidat \u0219edin\u021ba \u00ee\u0219i mai aminte\u0219te \u0219i ast\u0103zi c\u00e2t de sup\u0103rat eram, sco\u021b\u00e2ndu-mi cu indignare halatul \u0219i arunc\u00e2ndu-l pe mas\u0103; vorbind despre tratamente inumane \u0219i despre statul de drept dup\u0103 aproape 6 luni de deten\u021bie, amenin\u021b\u00e2nd cu arestul preventiv cu un minut \u00eenainte ca audierea probelor s\u0103 se \u00eencheie.<\/p>\n<p>Camera a disp\u0103rut timp de o jum\u0103tate de or\u0103 pentru a delibera, iar audierea principal\u0103 a fost \u00eenchis\u0103. Bine\u00een\u021beles c\u0103 au existat mai multe pedepse &#8211; dar nu \u0219i deten\u021bie preventiv\u0103!<\/p>\n<p>Clientul a \u00een\u021beles acest lucru, era preg\u0103tit.&#8221; _builder_version=&#8221;4.23.1&#8243; _module_preset=&#8221;default&#8221; header_item_level=&#8221;h3&#8243; header_item_font_size=&#8221;18px&#8221; content_text_color=&#8221;#323F50&#8243; custom_margin=&#8221;||20px||false|false&#8221; global_colors_info=&#8221;{}&#8221; parentOrderClass=&#8221;dsm_faq_0&#8243;][\/dsm_faq_child][dsm_faq_child dsm_title=&#8221;Cum trebuie s\u0103 m\u0103 comport p\u00e2n\u0103 c\u00e2nd voi vorbi cu un avocat al ap\u0103r\u0103rii?&#8221; dsm_content=&#8221;<\/p>\n<p>P\u00e2n\u0103 c\u00e2nd am vorbit cu avocatul meu: Lini\u0219te, deci %22taci%22!<\/p>\n<p>Acuzatul are dreptul de a p\u0103stra t\u0103cerea. \u00cen fiecare etap\u0103 a procedurii penale. At\u00e2ta timp c\u00e2t nu a\u021bi desemnat un avocat al ap\u0103r\u0103rii \u0219i acesta a primit acces la dosar, nu furniza\u021bi din proprie ini\u021biativ\u0103 nicio informa\u021bie despre dumneavoastr\u0103 sau despre caz.<\/p>\n<p>Inculpa\u021bii au fost deja condamna\u021bi pentru c\u0103 au declarat \u00een grab\u0103 la emiterea mandatului de arestare: %22Sunt persoana men\u021bionat\u0103 \u00een mandatul de arestare%22.<\/p>\n<p>Exist\u0103, de asemenea, numeroase condamn\u0103ri pentru c\u0103 suspec\u021bii (care anterior erau cunoscu\u021bi doar prin intermediul supravegherii telecomunica\u021biilor) \u0219i-au ridicat vocea la poli\u021bie sau la magistra\u021bi.<\/p>\n<p>Un complice al unui client a fost condamnat pentru c\u0103 a r\u0103spuns afirmativ la \u00eentrebarea inofensiv\u0103 %22Ace\u0219tia sunt blugii t\u0103i?%22. \u00cen timpul procesului principal, s-a efectuat o expertiz\u0103 textil\u0103 pentru a compara pliurile blugilor s\u0103i cu cele din fotografiile de supraveghere ale unui jaf bancar. El a fost condamnat.<\/p>\n<p>&#8221; _builder_version=&#8221;4.23.1&#8243; _module_preset=&#8221;default&#8221; header_item_level=&#8221;h3&#8243; header_item_font_size=&#8221;18px&#8221; content_text_color=&#8221;#323F50&#8243; custom_margin=&#8221;||20px||false|false&#8221; global_colors_info=&#8221;{}&#8221; parentOrderClass=&#8221;dsm_faq_0&#8243;][\/dsm_faq_child][dsm_faq_child dsm_title=&#8221;C\u00e2nd ar trebui s\u0103 apelez la un avocat al ap\u0103r\u0103rii?&#8221; dsm_content=&#8221;R\u0103spuns: Ieri<\/p>\n<p>C\u00e2t mai devreme posibil, adic\u0103 atunci c\u00e2nd v\u0103 a\u0219tepta\u021bi ca o procedur\u0103 penal\u0103 s\u0103 fie ini\u021biat\u0103 \u00eempotriva dumneavoastr\u0103. O perchezi\u021bie sau chiar o arestare poate fi iminent\u0103 &#8211; f\u0103r\u0103 ca dumneavoastr\u0103 s\u0103 fi\u021bi audiat \u00een prealabil.<\/p>\n<p>Cel mai t\u00e2rziu, \u00eens\u0103, atunci c\u00e2nd a\u021bi primit un formular de audiere de la poli\u021bie sau, cu at\u00e2t mai mult, atunci c\u00e2nd vi s-a comunicat un rechizitoriu.&#8221; _builder_version=&#8221;4.23.1&#8243; _module_preset=&#8221;default&#8221; header_item_level=&#8221;h3&#8243; header_item_font_size=&#8221;18px&#8221; content_text_color=&#8221;#323F50&#8243; custom_margin=&#8221;||20px||false|false&#8221; global_colors_info=&#8221;{}&#8221; parentOrderClass=&#8221;dsm_faq_0&#8243;][\/dsm_faq_child][dsm_faq_child dsm_title=&#8221;Ce \u00eenseamn\u0103 cu adev\u0103rat &quot;m\u0103rturie \u00eempotriva m\u0103rturiei&quot;?&#8221; dsm_content=&#8221;\u00cen mare parte: Nimic!<\/p>\n<p>Din nefericire, nu este o glum\u0103: situa\u021bia mult prea frecvent\u0103 \u00een care inculpatul este incriminat de un singur martor nu duce automat la rezultatul dorit: m\u0103rturie \u00eempotriva m\u0103rturiei, cu consecin\u021ba achit\u0103rii inculpatului.<\/p>\n<p>Dar de ce nu?<\/p>\n<p>R\u0103spuns: Acest lucru depinde de libera evaluare a probelor de c\u0103tre instan\u021b\u0103.<\/p>\n<p>Judec\u0103torul penal este liber s\u0103 aprecieze probele sau, dup\u0103 cum spune sec\u021biunea 261 din Codul de procedur\u0103 penal\u0103: Instan\u021ba se pronun\u021b\u0103 asupra rezultatului administr\u0103rii probelor %22conform liberei sale convingeri desprinse din ansamblul procedurilor%22.<\/p>\n<p>Numai dac\u0103 judec\u0103torul nu este convins de m\u0103rturia martorului acuz\u0103rii se ajunge la situa\u021bia de m\u0103rturie \u00eempotriva m\u0103rturiei, iar inculpatul trebuie achitat.<\/p>\n<p>Din experien\u021ba mea, \u00eens\u0103, \u00een 90% din cazuri, judec\u0103torii nu au nicio \u00eendoial\u0103 cu privire la veridicitatea declara\u021biilor f\u0103cute de martorii acuz\u0103rii \u0219i condamn\u0103 pe baza acestor declara\u021bii, cu excep\u021bia cazului \u00een care avocatul ap\u0103r\u0103rii poate zdruncina con\u021binutul declara\u021biilor prin interogarea acestora.&#8221; _builder_version=&#8221;4.23.1&#8243; _module_preset=&#8221;default&#8221; header_item_level=&#8221;h3&#8243; header_item_font_size=&#8221;18px&#8221; content_text_color=&#8221;#323F50&#8243; custom_margin=&#8221;||20px||false|false&#8221; global_colors_info=&#8221;{}&#8221; parentOrderClass=&#8221;dsm_faq_0&#8243;][\/dsm_faq_child][dsm_faq_child dsm_title=&#8221;Ce va face avocatul ap\u0103r\u0103rii pentru mine?&#8221; dsm_content=&#8221;\u00cen primul r\u00e2nd: inspecta\u021bi fi\u0219ierele<\/p>\n<p>Acuzatul poate apela la asisten\u021ba unui avocat al ap\u0103r\u0103rii \u00een orice etap\u0103 a procedurii \u0219i numai avocatul ap\u0103r\u0103rii are dreptul de a inspecta dosarele, adic\u0103 de a colecta probele pe care autorit\u0103\u021bile judiciare consider\u0103 c\u0103 le au \u00eempotriva dumneavoastr\u0103. Neav\u00e2nd acces la dosare, ace\u0219tia se confrunt\u0103 cu frontul judiciar f\u0103r\u0103 a cunoa\u0219te faptele.<\/p>\n<p>Numai cunosc\u00e2nd dosarele ve\u021bi fi pe picior de egalitate cu organele de urm\u0103rire penal\u0103, dumneavoastr\u0103 \u0219i avocatul dumneavoastr\u0103!<\/p>\n<p>\u00cen acest fel, avocatul ap\u0103r\u0103rii se dedic\u0103 exclusiv intereselor dumneavoastr\u0103 \u0219i este strict obligat la confiden\u021bialitate. \u00cen plus, \u00een calitate de organ de administrare a justi\u021biei, avoca\u021bilor ap\u0103r\u0103rii li se aplic\u0103 urm\u0103toarea regul\u0103: %22Nu mint niciodat\u0103, dar nu trebuie s\u0103 spun tot ce \u0219tiu%22.&#8221; _builder_version=&#8221;4.23.1&#8243; _module_preset=&#8221;default&#8221; header_item_level=&#8221;h3&#8243; header_item_font_size=&#8221;18px&#8221; content_text_color=&#8221;#323F50&#8243; custom_margin=&#8221;||20px||false|false&#8221; global_colors_info=&#8221;{}&#8221; parentOrderClass=&#8221;dsm_faq_0&#8243;][\/dsm_faq_child][dsm_faq_child dsm_title=&#8221;Este \u0219i un avocat din oficiu de partea mea?&#8221; dsm_content=&#8221;<\/p>\n<p class=%22faq-item__short-answer%22>Ar trebui s\u0103 fie cu siguran\u021b\u0103!<\/p>\n<div class=%22faq-item__desc%22>\n<p>Pentru a explica: Avocatul din oficiu este un avocat al ap\u0103r\u0103rii &#8211;<span> <\/span><strong>\u0219i avocatul ales de dumneavoastr\u0103<\/strong><span> <\/span> (<strong>!)<\/strong>&#8211; care poate fi numit de c\u0103tre instan\u021b\u0103 prin hot\u0103r\u00e2re judec\u0103toreasc\u0103.<\/p>\n<p>Instan\u021ba decide s\u0103 desemneze avocatul ca ap\u0103r\u0103tor din oficiu dac\u0103 dumneavoastr\u0103 \u0219i avocatul depune\u021bi o cerere \u00een acest sens \u0219i dac\u0103 sunt \u00eendeplinite cerin\u021bele legale pentru un ap\u0103r\u0103tor din oficiu.<\/p>\n<p>Avantaj: \u00cen primul r\u00e2nd, avocatul din oficiu poate deconta conturile cu trezoreria statului.<\/p>\n<p>Dezavantaj: Avocatul din oficiu nu mai poate fi \u00eenlocuit cu un alt avocat f\u0103r\u0103 alte formalit\u0103\u021bi. \u00cen acest caz, instan\u021ba trebuie s\u0103 se implice \u00een demisia mandatului!<\/p>\n<p>Dac\u0103 nu v\u0103 ocupa\u021bi de el, instan\u021ba v\u0103 va %22obliga%22 s\u0103 apela\u021bi la un avocat. Nu trebuie neap\u0103rat s\u0103 fie un avocat r\u0103u, dar de ce s\u0103 ne asum\u0103m riscul c\u00e2nd este suficient un scurt contact cu un avocat de ap\u0103rare penal\u0103? Prin urmare:<span> <\/span><a href=%22tel:+491722761732%22>Suna\u021bi acum!<\/a><\/p>\n<p>Un alt sfat &#8211; \u00cen cazul unei arest\u0103ri, asigura\u021bi-v\u0103 c\u0103 folosi\u021bi formularea corect\u0103 \u00een fa\u021ba magistratului:<\/p>\n<p><strong><em>%22Fie ca avocatul<\/em><span> <\/span><em>s\u0103-mi fie repartizat doar pentru ast\u0103zi%22<\/em><\/strong>.<\/p>\n<p>Acest lucru \u00eenseamn\u0103 c\u0103 sunte\u021bi reprezentat de un avocat \u00een situa\u021bia arest\u0103rii. Apoi g\u0103si\u021bi un avocat ales de dumneavoastr\u0103 pentru restul.<\/p>\n<\/div>\n<p>&#8221; _builder_version=&#8221;4.23.1&#8243; _module_preset=&#8221;default&#8221; header_item_level=&#8221;h3&#8243; header_item_font_size=&#8221;18px&#8221; content_text_color=&#8221;#323F50&#8243; custom_margin=&#8221;||20px||false|false&#8221; global_colors_info=&#8221;{}&#8221; parentOrderClass=&#8221;dsm_faq_0&#8243;][\/dsm_faq_child][\/dsm_faq][\/et_pb_column][\/et_pb_row][\/et_pb_section]<\/p>\n","protected":false},"excerpt":{"rendered":"<p>\u00centreb\u0103ri frecvente \/ Informa\u021bii utileR\u0103spunsuri la \u00eentreb\u0103ri frecvente despre dreptul penal<div class=\"et_pb_with_border et_pb_module dsm_faq dsm_faq_0\">\n\t\t\t\t\n\t\t\t\t\n\t\t\t\t\n\t\t\t\t\n\t\t\t\t\n\t\t\t\t\n\t\t\t\t<div class=\"et_pb_module_inner\">\n\t\t\t\t\t<div class=\"dsm-faq-container dsm-front\" data-accordion=\"off\" data-open_first_item=\"off\">\n\t\t\t\t\n\t\t\t <\/div>\n\t\t\t \n\t\t\t\n\t\t\t\t<\/div>\n\t\t\t<\/div><div class=\"dsm_faq_child_0 dsm-faq-item-wrapper\">\n\t\t\t\t<div class=\"dsm-title-wrapper\">\n\t\t\t\t <div class=\"dsm-title-inner-wrapper\">\n\t\t\t\t   \n\t\t\t\t   \n\t\t\t\t   \n\t\t\t\t   \n\t\t\t\t   <h3 class=\"dsm-faq-title\">&#8221;Am<\/h3>\n\t\t\t\t <\/div> \n\t\t\t\t <div class=\"dsm-faq-item-inner-wrapper\">\n\t\t\t\t   <div class=\"dsm_open_icon\"><span>!<\/span><\/div>\n\t\t\t\t   <div class=\"dsm_close_icon\"><span>\"<\/span><\/div>\n\t\t\t\t   \n\t\t\t\t   \n\t\t\t\t <\/div>\n\t\t\t\t<\/div>\n\t\t\t\t<div class=\"dsm-faq-content\">&#8221;Categoric:<\/div>\n\t\t\t <\/div>\n\t\t\t<\/p>\n","protected":false},"author":1,"featured_media":0,"parent":0,"menu_order":0,"comment_status":"closed","ping_status":"closed","template":"","meta":{"_et_pb_use_builder":"on","_et_pb_old_content":"","_et_gb_content_width":"","footnotes":""},"class_list":["post-648","page","type-page","status-publish","hentry"],"_links":{"self":[{"href":"https:\/\/essen-strafverteidigung.de\/ro\/wp-json\/wp\/v2\/pages\/648","targetHints":{"allow":["GET"]}}],"collection":[{"href":"https:\/\/essen-strafverteidigung.de\/ro\/wp-json\/wp\/v2\/pages"}],"about":[{"href":"https:\/\/essen-strafverteidigung.de\/ro\/wp-json\/wp\/v2\/types\/page"}],"author":[{"embeddable":true,"href":"https:\/\/essen-strafverteidigung.de\/ro\/wp-json\/wp\/v2\/users\/1"}],"replies":[{"embeddable":true,"href":"https:\/\/essen-strafverteidigung.de\/ro\/wp-json\/wp\/v2\/comments?post=648"}],"version-history":[{"count":2,"href":"https:\/\/essen-strafverteidigung.de\/ro\/wp-json\/wp\/v2\/pages\/648\/revisions"}],"predecessor-version":[{"id":1013,"href":"https:\/\/essen-strafverteidigung.de\/ro\/wp-json\/wp\/v2\/pages\/648\/revisions\/1013"}],"wp:attachment":[{"href":"https:\/\/essen-strafverteidigung.de\/ro\/wp-json\/wp\/v2\/media?parent=648"}],"curies":[{"name":"wp","href":"https:\/\/api.w.org\/{rel}","templated":true}]}}